{"id":233,"date":"2020-02-25T15:33:13","date_gmt":"2020-02-25T15:33:13","guid":{"rendered":"http:\/\/observatoriocentroamericanodeviolencialaboral.org\/?page_id=233"},"modified":"2020-08-13T19:08:25","modified_gmt":"2020-08-14T01:08:25","slug":"salario-gt","status":"publish","type":"page","link":"https:\/\/observatoriocentroamericanodeviolencialaboral.org\/index.php\/salario-gt\/","title":{"rendered":"Brecha salarial GT"},"content":{"rendered":"\t\t<div data-elementor-type=\"wp-page\" data-elementor-id=\"233\" class=\"elementor elementor-233\" data-elementor-post-type=\"page\">\n\t\t\t\t\t\t<section class=\"elementor-section elementor-top-section elementor-element elementor-element-5293c79 elementor-section-boxed elementor-section-height-default elementor-section-height-default\" data-id=\"5293c79\" data-element_type=\"section\" data-e-type=\"section\">\n\t\t\t\t\t\t<div class=\"elementor-container elementor-column-gap-default\">\n\t\t\t\t\t<div class=\"elementor-column elementor-col-100 elementor-top-column elementor-element elementor-element-0ae55d8\" data-id=\"0ae55d8\" data-element_type=\"column\" data-e-type=\"column\">\n\t\t\t<div class=\"elementor-widget-wrap elementor-element-populated\">\n\t\t\t\t\t\t<div class=\"elementor-element elementor-element-5290541 elementor-grid-1 elementor-grid-tablet-2 elementor-grid-mobile-1 elementor-posts--thumbnail-top elementor-widget elementor-widget-posts\" data-id=\"5290541\" data-element_type=\"widget\" data-e-type=\"widget\" data-settings=\"{&quot;classic_columns&quot;:&quot;1&quot;,&quot;classic_columns_tablet&quot;:&quot;2&quot;,&quot;classic_columns_mobile&quot;:&quot;1&quot;,&quot;classic_row_gap&quot;:{&quot;unit&quot;:&quot;px&quot;,&quot;size&quot;:35,&quot;sizes&quot;:[]},&quot;classic_row_gap_tablet&quot;:{&quot;unit&quot;:&quot;px&quot;,&quot;size&quot;:&quot;&quot;,&quot;sizes&quot;:[]},&quot;classic_row_gap_mobile&quot;:{&quot;unit&quot;:&quot;px&quot;,&quot;size&quot;:&quot;&quot;,&quot;sizes&quot;:[]}}\" data-widget_type=\"posts.classic\">\n\t\t\t\t<div class=\"elementor-widget-container\">\n\t\t\t\t\t\t\t<div class=\"elementor-posts-container elementor-posts elementor-posts--skin-classic elementor-grid\" role=\"list\">\n\t\t\t\t<article class=\"elementor-post elementor-grid-item post-2957 post type-post status-publish format-standard has-post-thumbnail hentry category-guatemala-salario category-salario entry has-media\" role=\"listitem\">\n\t\t\t\t<a class=\"elementor-post__thumbnail__link\" href=\"https:\/\/observatoriocentroamericanodeviolencialaboral.org\/index.php\/2024\/02\/13\/en-2022-la-brecha-salarial-por-genero-es-del-26-en-guatemala\/\" tabindex=\"-1\" >\n\t\t\t<div class=\"elementor-post__thumbnail\"><img fetchpriority=\"high\" decoding=\"async\" width=\"244\" height=\"300\" src=\"https:\/\/observatoriocentroamericanodeviolencialaboral.org\/wp-content\/uploads\/2024\/02\/brecha-salarial-244x300.png\" class=\"attachment-medium size-medium wp-image-2959\" alt=\"\" srcset=\"https:\/\/observatoriocentroamericanodeviolencialaboral.org\/wp-content\/uploads\/2024\/02\/brecha-salarial-244x300.png 244w, https:\/\/observatoriocentroamericanodeviolencialaboral.org\/wp-content\/uploads\/2024\/02\/brecha-salarial.png 432w\" sizes=\"(max-width: 244px) 100vw, 244px\" \/><\/div>\n\t\t<\/a>\n\t\t\t\t<div class=\"elementor-post__text\">\n\t\t\t\t<h3 class=\"elementor-post__title\">\n\t\t\t<a href=\"https:\/\/observatoriocentroamericanodeviolencialaboral.org\/index.php\/2024\/02\/13\/en-2022-la-brecha-salarial-por-genero-es-del-26-en-guatemala\/\" >\n\t\t\t\tEn 2022, la brecha salarial por g\u00e9nero es del 26% en Guatemala\t\t\t<\/a>\n\t\t<\/h3>\n\t\t\t\t<div class=\"elementor-post__meta-data\">\n\t\t\t\t\t<span class=\"elementor-post-date\">\n\t\t\t13 febrero, 2024\t\t<\/span>\n\t\t\t\t<\/div>\n\t\t\t\t<div class=\"elementor-post__excerpt\">\n\t\t\t\t\t<\/div>\n\t\t\n\t\t<a class=\"elementor-post__read-more\" href=\"https:\/\/observatoriocentroamericanodeviolencialaboral.org\/index.php\/2024\/02\/13\/en-2022-la-brecha-salarial-por-genero-es-del-26-en-guatemala\/\" aria-label=\"M\u00e1s informaci\u00f3n sobre En 2022, la brecha salarial por g\u00e9nero es del 26% en Guatemala\" tabindex=\"-1\" >\n\t\t\tLeer mas \u00bb\t\t<\/a>\n\n\t\t\t\t<\/div>\n\t\t\t\t<\/article>\n\t\t\t\t<article class=\"elementor-post elementor-grid-item post-2413 post type-post status-publish format-standard has-post-thumbnail hentry category-guatemala-salario category-salario entry has-media\" role=\"listitem\">\n\t\t\t\t<a class=\"elementor-post__thumbnail__link\" href=\"https:\/\/observatoriocentroamericanodeviolencialaboral.org\/index.php\/2022\/05\/06\/brecha-salarial-de-genero-aumento-a-27-en-2021-en-guatemala\/\" tabindex=\"-1\" >\n\t\t\t<div class=\"elementor-post__thumbnail\"><img decoding=\"async\" width=\"225\" height=\"300\" src=\"https:\/\/observatoriocentroamericanodeviolencialaboral.org\/wp-content\/uploads\/2022\/05\/brecha-salarial-2022-p-225x300.png\" class=\"attachment-medium size-medium wp-image-2419\" alt=\"\" srcset=\"https:\/\/observatoriocentroamericanodeviolencialaboral.org\/wp-content\/uploads\/2022\/05\/brecha-salarial-2022-p-225x300.png 225w, https:\/\/observatoriocentroamericanodeviolencialaboral.org\/wp-content\/uploads\/2022\/05\/brecha-salarial-2022-p.png 375w\" sizes=\"(max-width: 225px) 100vw, 225px\" \/><\/div>\n\t\t<\/a>\n\t\t\t\t<div class=\"elementor-post__text\">\n\t\t\t\t<h3 class=\"elementor-post__title\">\n\t\t\t<a href=\"https:\/\/observatoriocentroamericanodeviolencialaboral.org\/index.php\/2022\/05\/06\/brecha-salarial-de-genero-aumento-a-27-en-2021-en-guatemala\/\" >\n\t\t\t\tBrecha salarial de g\u00e9nero aument\u00f3 a 27% en 2021, en Guatemala.\t\t\t<\/a>\n\t\t<\/h3>\n\t\t\t\t<div class=\"elementor-post__meta-data\">\n\t\t\t\t\t<span class=\"elementor-post-date\">\n\t\t\t6 mayo, 2022\t\t<\/span>\n\t\t\t\t<\/div>\n\t\t\t\t<div class=\"elementor-post__excerpt\">\n\t\t\t<p>La brecha salarial de g\u00e9nero es, a la vez, causa y consecuencia de la inequidad de g\u00e9nero seg\u00fan ONUMUJERES1, dejando en desventaja a las guatemaltecas, ya que en promedio, las mujeres ganan 646 quetzales menos que los hombres.<\/p>\n\t\t<\/div>\n\t\t\n\t\t<a class=\"elementor-post__read-more\" href=\"https:\/\/observatoriocentroamericanodeviolencialaboral.org\/index.php\/2022\/05\/06\/brecha-salarial-de-genero-aumento-a-27-en-2021-en-guatemala\/\" aria-label=\"M\u00e1s informaci\u00f3n sobre Brecha salarial de g\u00e9nero aument\u00f3 a 27% en 2021, en Guatemala.\" tabindex=\"-1\" >\n\t\t\tLeer mas \u00bb\t\t<\/a>\n\n\t\t\t\t<\/div>\n\t\t\t\t<\/article>\n\t\t\t\t<article class=\"elementor-post elementor-grid-item post-2132 post type-post status-publish format-standard has-post-thumbnail hentry category-guatemala-salario category-salario entry has-media\" role=\"listitem\">\n\t\t\t\t<a class=\"elementor-post__thumbnail__link\" href=\"https:\/\/observatoriocentroamericanodeviolencialaboral.org\/index.php\/2021\/09\/13\/brecha-salarial-en-guatemala-2\/\" tabindex=\"-1\" >\n\t\t\t<div class=\"elementor-post__thumbnail\"><img decoding=\"async\" width=\"243\" height=\"300\" src=\"https:\/\/observatoriocentroamericanodeviolencialaboral.org\/wp-content\/uploads\/2021\/09\/brecha-2021-guate-243x300.png\" class=\"attachment-medium size-medium wp-image-2134\" alt=\"\" srcset=\"https:\/\/observatoriocentroamericanodeviolencialaboral.org\/wp-content\/uploads\/2021\/09\/brecha-2021-guate-243x300.png 243w, https:\/\/observatoriocentroamericanodeviolencialaboral.org\/wp-content\/uploads\/2021\/09\/brecha-2021-guate.png 367w\" sizes=\"(max-width: 243px) 100vw, 243px\" \/><\/div>\n\t\t<\/a>\n\t\t\t\t<div class=\"elementor-post__text\">\n\t\t\t\t<h3 class=\"elementor-post__title\">\n\t\t\t<a href=\"https:\/\/observatoriocentroamericanodeviolencialaboral.org\/index.php\/2021\/09\/13\/brecha-salarial-en-guatemala-2\/\" >\n\t\t\t\tBrecha salarial en Guatemala\t\t\t<\/a>\n\t\t<\/h3>\n\t\t\t\t<div class=\"elementor-post__meta-data\">\n\t\t\t\t\t<span class=\"elementor-post-date\">\n\t\t\t13 septiembre, 2021\t\t<\/span>\n\t\t\t\t<\/div>\n\t\t\t\t<div class=\"elementor-post__excerpt\">\n\t\t\t<p>La brecha salarial es un indicador de las condiciones de desigualdad econ\u00f3mica y social que enfrentan las mujeres y que las pone en enorme desventaja respecto a los hombres. <\/p>\n\t\t<\/div>\n\t\t\n\t\t<a class=\"elementor-post__read-more\" href=\"https:\/\/observatoriocentroamericanodeviolencialaboral.org\/index.php\/2021\/09\/13\/brecha-salarial-en-guatemala-2\/\" aria-label=\"M\u00e1s informaci\u00f3n sobre Brecha salarial en Guatemala\" tabindex=\"-1\" >\n\t\t\tLeer mas \u00bb\t\t<\/a>\n\n\t\t\t\t<\/div>\n\t\t\t\t<\/article>\n\t\t\t\t<article class=\"elementor-post elementor-grid-item post-1221 post type-post status-publish format-standard has-post-thumbnail hentry category-guatemala-salario category-salario entry has-media\" role=\"listitem\">\n\t\t\t\t<a class=\"elementor-post__thumbnail__link\" href=\"https:\/\/observatoriocentroamericanodeviolencialaboral.org\/index.php\/2020\/07\/16\/brecha-salarial-en-guatemala\/\" tabindex=\"-1\" >\n\t\t\t<div class=\"elementor-post__thumbnail\"><img loading=\"lazy\" decoding=\"async\" width=\"229\" height=\"300\" src=\"https:\/\/observatoriocentroamericanodeviolencialaboral.org\/wp-content\/uploads\/2020\/07\/brcha-salarial-guatemala-2-229x300.png\" class=\"attachment-medium size-medium wp-image-1755\" alt=\"\" srcset=\"https:\/\/observatoriocentroamericanodeviolencialaboral.org\/wp-content\/uploads\/2020\/07\/brcha-salarial-guatemala-2-229x300.png 229w, https:\/\/observatoriocentroamericanodeviolencialaboral.org\/wp-content\/uploads\/2020\/07\/brcha-salarial-guatemala-2.png 398w\" sizes=\"(max-width: 229px) 100vw, 229px\" \/><\/div>\n\t\t<\/a>\n\t\t\t\t<div class=\"elementor-post__text\">\n\t\t\t\t<h3 class=\"elementor-post__title\">\n\t\t\t<a href=\"https:\/\/observatoriocentroamericanodeviolencialaboral.org\/index.php\/2020\/07\/16\/brecha-salarial-en-guatemala\/\" >\n\t\t\t\tBrecha Salarial en Guatemala\t\t\t<\/a>\n\t\t<\/h3>\n\t\t\t\t<div class=\"elementor-post__meta-data\">\n\t\t\t\t\t<span class=\"elementor-post-date\">\n\t\t\t16 julio, 2020\t\t<\/span>\n\t\t\t\t<\/div>\n\t\t\t\t<div class=\"elementor-post__excerpt\">\n\t\t\t<p>En promedio, el ingreso laboral de las mujeres representa el 84% de los hombres<\/p>\n\t\t<\/div>\n\t\t\n\t\t<a class=\"elementor-post__read-more\" href=\"https:\/\/observatoriocentroamericanodeviolencialaboral.org\/index.php\/2020\/07\/16\/brecha-salarial-en-guatemala\/\" aria-label=\"M\u00e1s informaci\u00f3n sobre Brecha Salarial en Guatemala\" tabindex=\"-1\" >\n\t\t\tLeer mas \u00bb\t\t<\/a>\n\n\t\t\t\t<\/div>\n\t\t\t\t<\/article>\n\t\t\t\t<article class=\"elementor-post elementor-grid-item post-1087 post type-post status-publish format-standard has-post-thumbnail hentry category-guatemala-salario category-salario entry has-media\" role=\"listitem\">\n\t\t\t\t<a class=\"elementor-post__thumbnail__link\" href=\"https:\/\/observatoriocentroamericanodeviolencialaboral.org\/index.php\/2020\/07\/15\/desempleo-y-salarios-precarios-profundizan-la-miseria\/\" tabindex=\"-1\" >\n\t\t\t<div class=\"elementor-post__thumbnail\"><img loading=\"lazy\" decoding=\"async\" width=\"222\" height=\"300\" src=\"https:\/\/observatoriocentroamericanodeviolencialaboral.org\/wp-content\/uploads\/2020\/07\/brcha-salarial-guatemala-222x300.png\" class=\"attachment-medium size-medium wp-image-1747\" alt=\"\" srcset=\"https:\/\/observatoriocentroamericanodeviolencialaboral.org\/wp-content\/uploads\/2020\/07\/brcha-salarial-guatemala-222x300.png 222w, https:\/\/observatoriocentroamericanodeviolencialaboral.org\/wp-content\/uploads\/2020\/07\/brcha-salarial-guatemala.png 391w\" sizes=\"(max-width: 222px) 100vw, 222px\" \/><\/div>\n\t\t<\/a>\n\t\t\t\t<div class=\"elementor-post__text\">\n\t\t\t\t<h3 class=\"elementor-post__title\">\n\t\t\t<a href=\"https:\/\/observatoriocentroamericanodeviolencialaboral.org\/index.php\/2020\/07\/15\/desempleo-y-salarios-precarios-profundizan-la-miseria\/\" >\n\t\t\t\tDesempleo y salarios precarios profundizan la miseria\t\t\t<\/a>\n\t\t<\/h3>\n\t\t\t\t<div class=\"elementor-post__meta-data\">\n\t\t\t\t\t<span class=\"elementor-post-date\">\n\t\t\t15 julio, 2020\t\t<\/span>\n\t\t\t\t<\/div>\n\t\t\t\t<div class=\"elementor-post__excerpt\">\n\t\t\t<p>En Guatemala, cada a\u00f1o se decreta un nuevo aumento al salario m\u00ednimo, pero tambi\u00e9n aumentan los precios de la Canasta B\u00e1sica Alimentaria<\/p>\n\t\t<\/div>\n\t\t\n\t\t<a class=\"elementor-post__read-more\" href=\"https:\/\/observatoriocentroamericanodeviolencialaboral.org\/index.php\/2020\/07\/15\/desempleo-y-salarios-precarios-profundizan-la-miseria\/\" aria-label=\"M\u00e1s informaci\u00f3n sobre Desempleo y salarios precarios profundizan la miseria\" tabindex=\"-1\" >\n\t\t\tLeer mas \u00bb\t\t<\/a>\n\n\t\t\t\t<\/div>\n\t\t\t\t<\/article>\n\t\t\t\t<\/div>\n\t\t\n\t\t\t\t\t\t<\/div>\n\t\t\t\t<\/div>\n\t\t\t\t\t<\/div>\n\t\t<\/div>\n\t\t\t\t\t<\/div>\n\t\t<\/section>\n\t\t\t\t<\/div>\n\t\t","protected":false},"excerpt":{"rendered":"","protected":false},"author":1,"featured_media":0,"parent":0,"menu_order":0,"comment_status":"closed","ping_status":"closed","template":"","meta":{"_crdt_document":"","ocean_post_layout":"right-sidebar","ocean_both_sidebars_style":"","ocean_both_sidebars_content_width":0,"ocean_both_sidebars_sidebars_width":0,"ocean_sidebar":"0","ocean_second_sidebar":"0","ocean_disable_margins":"enable","ocean_add_body_class":"","ocean_shortcode_before_top_bar":"","ocean_shortcode_after_top_bar":"","ocean_shortcode_before_header":"","ocean_shortcode_after_header":"","ocean_has_shortcode":"","ocean_shortcode_after_title":"","ocean_shortcode_before_footer_widgets":"","ocean_shortcode_after_footer_widgets":"","ocean_shortcode_before_footer_bottom":"","ocean_shortcode_after_footer_bottom":"","ocean_display_top_bar":"default","ocean_display_header":"default","ocean_header_style":"","ocean_center_header_left_menu":"0","ocean_custom_header_template":"0","ocean_custom_logo":0,"ocean_custom_retina_logo":0,"ocean_custom_logo_max_width":0,"ocean_custom_logo_tablet_max_width":0,"ocean_custom_logo_mobile_max_width":0,"ocean_custom_logo_max_height":0,"ocean_custom_logo_tablet_max_height":0,"ocean_custom_logo_mobile_max_height":0,"ocean_header_custom_menu":"0","ocean_menu_typo_font_family":"0","ocean_menu_typo_font_subset":"","ocean_menu_typo_font_size":0,"ocean_menu_typo_font_size_tablet":0,"ocean_menu_typo_font_size_mobile":0,"ocean_menu_typo_font_size_unit":"px","ocean_menu_typo_font_weight":"","ocean_menu_typo_font_weight_tablet":"","ocean_menu_typo_font_weight_mobile":"","ocean_menu_typo_transform":"","ocean_menu_typo_transform_tablet":"","ocean_menu_typo_transform_mobile":"","ocean_menu_typo_line_height":0,"ocean_menu_typo_line_height_tablet":0,"ocean_menu_typo_line_height_mobile":0,"ocean_menu_typo_line_height_unit":"","ocean_menu_typo_spacing":0,"ocean_menu_typo_spacing_tablet":0,"ocean_menu_typo_spacing_mobile":0,"ocean_menu_typo_spacing_unit":"","ocean_menu_link_color":"","ocean_menu_link_color_hover":"","ocean_menu_link_color_active":"","ocean_menu_link_background":"","ocean_menu_link_hover_background":"","ocean_menu_link_active_background":"","ocean_menu_social_links_bg":"","ocean_menu_social_hover_links_bg":"","ocean_menu_social_links_color":"","ocean_menu_social_hover_links_color":"","ocean_disable_title":"default","ocean_disable_heading":"default","ocean_post_title":"","ocean_post_subheading":"","ocean_post_title_style":"","ocean_post_title_background_color":"","ocean_post_title_background":0,"ocean_post_title_bg_image_position":"","ocean_post_title_bg_image_attachment":"","ocean_post_title_bg_image_repeat":"","ocean_post_title_bg_image_size":"","ocean_post_title_height":0,"ocean_post_title_bg_overlay":0.5,"ocean_post_title_bg_overlay_color":"","ocean_disable_breadcrumbs":"default","ocean_breadcrumbs_color":"","ocean_breadcrumbs_separator_color":"","ocean_breadcrumbs_links_color":"","ocean_breadcrumbs_links_hover_color":"","ocean_display_footer_widgets":"default","ocean_display_footer_bottom":"default","ocean_custom_footer_template":"0","footnotes":""},"class_list":["post-233","page","type-page","status-publish","hentry","entry","has-media"],"_links":{"self":[{"href":"https:\/\/observatoriocentroamericanodeviolencialaboral.org\/index.php\/wp-json\/wp\/v2\/pages\/233","targetHints":{"allow":["GET"]}}],"collection":[{"href":"https:\/\/observatoriocentroamericanodeviolencialaboral.org\/index.php\/wp-json\/wp\/v2\/pages"}],"about":[{"href":"https:\/\/observatoriocentroamericanodeviolencialaboral.org\/index.php\/wp-json\/wp\/v2\/types\/page"}],"author":[{"embeddable":true,"href":"https:\/\/observatoriocentroamericanodeviolencialaboral.org\/index.php\/wp-json\/wp\/v2\/users\/1"}],"replies":[{"embeddable":true,"href":"https:\/\/observatoriocentroamericanodeviolencialaboral.org\/index.php\/wp-json\/wp\/v2\/comments?post=233"}],"version-history":[{"count":4,"href":"https:\/\/observatoriocentroamericanodeviolencialaboral.org\/index.php\/wp-json\/wp\/v2\/pages\/233\/revisions"}],"predecessor-version":[{"id":1346,"href":"https:\/\/observatoriocentroamericanodeviolencialaboral.org\/index.php\/wp-json\/wp\/v2\/pages\/233\/revisions\/1346"}],"wp:attachment":[{"href":"https:\/\/observatoriocentroamericanodeviolencialaboral.org\/index.php\/wp-json\/wp\/v2\/media?parent=233"}],"curies":[{"name":"wp","href":"https:\/\/api.w.org\/{rel}","templated":true}]}}